{"id":2624,"date":"2024-07-15T11:11:43","date_gmt":"2024-07-15T15:11:43","guid":{"rendered":"https:\/\/decadmdev.uprrp.edu\/recursoshumanos\/?page_id=2624"},"modified":"2024-07-15T11:21:54","modified_gmt":"2024-07-15T15:21:54","slug":"empleos","status":"publish","type":"page","link":"https:\/\/decadmdev.uprrp.edu\/recursoshumanos\/empleos\/","title":{"rendered":"Avisos y Convocatorias de Empleo"},"content":{"rendered":"\t\t<div data-elementor-type=\"wp-page\" data-elementor-id=\"2624\" class=\"elementor elementor-2624\">\n\t\t\t\t\t\t<section class=\"elementor-section elementor-top-section elementor-element elementor-element-1e32adb elementor-section-boxed elementor-section-height-default elementor-section-height-default\" data-id=\"1e32adb\" data-element_type=\"section\" data-e-type=\"section\" data-settings=\"{&quot;background_background&quot;:&quot;classic&quot;}\">\n\t\t\t\t\t\t<div class=\"elementor-container elementor-column-gap-default\">\n\t\t\t\t\t<div class=\"elementor-column elementor-col-100 elementor-top-column elementor-element elementor-element-e0821d0\" data-id=\"e0821d0\" data-element_type=\"column\" data-e-type=\"column\">\n\t\t\t<div class=\"elementor-widget-wrap elementor-element-populated\">\n\t\t\t\t\t\t<div class=\"elementor-element elementor-element-e583803 elementor-widget__width-initial elementor-invisible elementor-widget elementor-widget-heading\" data-id=\"e583803\" data-element_type=\"widget\" data-e-type=\"widget\" data-settings=\"{&quot;_animation&quot;:&quot;zoomIn&quot;}\" data-widget_type=\"heading.default\">\n\t\t\t\t<div class=\"elementor-widget-container\">\n\t\t\t\t\t<h1 class=\"elementor-heading-title elementor-size-default\">AVISOS Y CONVOCATORIAS DE EMPLEO<\/h1>\t\t\t\t<\/div>\n\t\t\t\t<\/div>\n\t\t\t\t\t<\/div>\n\t\t<\/div>\n\t\t\t\t\t<\/div>\n\t\t<\/section>\n\t\t<div class=\"elementor-element elementor-element-ad0f4df e-con-full e-flex e-con e-parent\" data-id=\"ad0f4df\" data-element_type=\"container\" data-e-type=\"container\">\n\t\t\t\t<\/div>\n\t\t<div class=\"elementor-element elementor-element-2aa8a75 e-flex e-con-boxed e-con e-parent\" data-id=\"2aa8a75\" data-element_type=\"container\" data-e-type=\"container\">\n\t\t\t\t\t<div class=\"e-con-inner\">\n\t\t\t\t<div class=\"elementor-element elementor-element-a7f408b section-title-style-style1 elementor-widget elementor-widget-tpg-section-title\" data-id=\"a7f408b\" data-element_type=\"widget\" data-e-type=\"widget\" data-widget_type=\"tpg-section-title.default\">\n\t\t\t\t<div class=\"elementor-widget-container\">\n\t\t\t\t\t\t\t<div class=\"rt-container-fluid rt-tpg-container tpg-el-main-wrapper clearfix  section-title-style-style1\">\n\t\t\t<div class='tpg-header-wrapper'>\n        <div class=\"tpg-widget-heading-wrapper rt-clear heading-style1 \">\n            <span class=\"tpg-widget-heading-line line-left\"><\/span>\n\t\t\t<h2 class='tpg-widget-heading'>\n\t\t\t\n\t\t\t\t                    <span>\n\t\t\t\t\t\tAvisos y Convocatorias de Empleo\t\t\t\t\t<\/span>\n\t\t\t\t\t\n\t\t\t\t\t\t\t<\/h2>            <span class=\"tpg-widget-heading-line line-right\"><\/span>\n\n\t\t\t\n        <\/div>\n\n\t\t\n\t\t<\/div>\t\t<\/div>\n\t\t\t\t\t\t<\/div>\n\t\t\t\t<\/div>\n\t\t\t\t\t<\/div>\n\t\t\t\t<\/div>\n\t\t<div class=\"elementor-element elementor-element-80e7127 e-flex e-con-boxed e-con e-parent\" data-id=\"80e7127\" data-element_type=\"container\" data-e-type=\"container\">\n\t\t\t\t\t<div class=\"e-con-inner\">\n\t\t<div class=\"elementor-element elementor-element-dccd7b9 e-con-full e-flex e-con e-child\" data-id=\"dccd7b9\" data-element_type=\"container\" data-e-type=\"container\">\n\t\t\t\t<div class=\"elementor-element elementor-element-49a9d86 elementor-grid-eael-col-1 elementor-grid-tablet-eael-col-2 elementor-grid-mobile-eael-col-1 elementor-widget elementor-widget-eael-post-grid\" data-id=\"49a9d86\" data-element_type=\"widget\" data-e-type=\"widget\" data-settings=\"{&quot;eael_post_grid_columns&quot;:&quot;eael-col-1&quot;,&quot;eael_post_grid_columns_tablet&quot;:&quot;eael-col-2&quot;,&quot;eael_post_grid_columns_mobile&quot;:&quot;eael-col-1&quot;}\" data-widget_type=\"eael-post-grid.default\">\n\t\t\t\t<div class=\"elementor-widget-container\">\n\t\t\t\t\t<div id=\"eael-post-grid-49a9d86\" class=\"eael-post-grid-container\">\n            <div class=\"eael-post-grid eael-post-appender eael-post-appender-49a9d86 eael-post-grid-style-one\" data-layout-mode=\"grid\"><article class=\"eael-grid-post  eael-post-grid-column eael-pg-post-2721 category-convocatorias-empleo\" data-id=\"2721\">\n        <div class=\"eael-grid-post-holder\">\n            <div class=\"eael-grid-post-holder-inner\"><div class=\"eael-entry-wrapper\"><header class=\"eael-entry-header\"><h1 class=\"eael-entry-title\"><a class=\"eael-grid-post-link\" href=\"https:\/\/decadmdev.uprrp.edu\/recursoshumanos\/2024\/07\/19\/convocatoria-auxiliar-en-trabajos-diestros\/\" title=\"Convocatoria &#8211; Auxiliar en Trabajos Diestros\"target=\"_blank\">Convocatoria &#8211; Auxiliar en Trabajos Diestros<\/a><\/h1><\/header><div class=\"eael-entry-content\">\n                        <div class=\"eael-grid-post-excerpt\"><a href=\"https:\/\/decadmdev.uprrp.edu\/recursoshumanos\/2024\/07\/19\/convocatoria-auxiliar-en-trabajos-diestros\/\" class=\"eael-post-elements-readmore-btn\">Leer m\u00e1s [+]<\/a><\/div>\n                    <\/div><div class=\"eael-entry-footer\"><div class=\"eael-author-avatar\"><a href=\"https:\/\/decadmdev.uprrp.edu\/recursoshumanos\/author\/wilmarie\/\"><\/a><\/div><div class=\"eael-entry-meta\"><span class=\"eael-posted-by\"><a href=\"https:\/\/decadmdev.uprrp.edu\/recursoshumanos\/author\/wilmarie\/\" title=\"Posts by wilmarie\" rel=\"author\">wilmarie<\/a><\/span><\/div><\/div><\/div><\/div>\n        <\/div>\n    <\/article><article class=\"eael-grid-post  eael-post-grid-column eael-pg-post-2719 category-convocatorias-empleo\" data-id=\"2719\">\n        <div class=\"eael-grid-post-holder\">\n            <div class=\"eael-grid-post-holder-inner\"><div class=\"eael-entry-wrapper\"><header class=\"eael-entry-header\"><h1 class=\"eael-entry-title\"><a class=\"eael-grid-post-link\" href=\"https:\/\/decadmdev.uprrp.edu\/recursoshumanos\/2024\/07\/19\/convocatoria-conserje\/\" title=\"Convocatoria &#8211; Conserje\"target=\"_blank\">Convocatoria &#8211; Conserje<\/a><\/h1><\/header><div class=\"eael-entry-content\">\n                        <div class=\"eael-grid-post-excerpt\"><a href=\"https:\/\/decadmdev.uprrp.edu\/recursoshumanos\/2024\/07\/19\/convocatoria-conserje\/\" class=\"eael-post-elements-readmore-btn\">Leer m\u00e1s [+]<\/a><\/div>\n                    <\/div><div class=\"eael-entry-footer\"><div class=\"eael-author-avatar\"><a href=\"https:\/\/decadmdev.uprrp.edu\/recursoshumanos\/author\/wilmarie\/\"><\/a><\/div><div class=\"eael-entry-meta\"><span class=\"eael-posted-by\"><a href=\"https:\/\/decadmdev.uprrp.edu\/recursoshumanos\/author\/wilmarie\/\" title=\"Posts by wilmarie\" rel=\"author\">wilmarie<\/a><\/span><\/div><\/div><\/div><\/div>\n        <\/div>\n    <\/article><article class=\"eael-grid-post  eael-post-grid-column eael-pg-post-2717 category-convocatorias-empleo\" data-id=\"2717\">\n        <div class=\"eael-grid-post-holder\">\n            <div class=\"eael-grid-post-holder-inner\"><div class=\"eael-entry-wrapper\"><header class=\"eael-entry-header\"><h1 class=\"eael-entry-title\"><a class=\"eael-grid-post-link\" href=\"https:\/\/decadmdev.uprrp.edu\/recursoshumanos\/2024\/07\/19\/convocatoria-jardinero-i\/\" title=\"Convocatoria &#8211; Jardinero I\"target=\"_blank\">Convocatoria &#8211; Jardinero I<\/a><\/h1><\/header><div class=\"eael-entry-content\">\n                        <div class=\"eael-grid-post-excerpt\"><a href=\"https:\/\/decadmdev.uprrp.edu\/recursoshumanos\/2024\/07\/19\/convocatoria-jardinero-i\/\" class=\"eael-post-elements-readmore-btn\">Leer m\u00e1s [+]<\/a><\/div>\n                    <\/div><div class=\"eael-entry-footer\"><div class=\"eael-author-avatar\"><a href=\"https:\/\/decadmdev.uprrp.edu\/recursoshumanos\/author\/wilmarie\/\"><\/a><\/div><div class=\"eael-entry-meta\"><span class=\"eael-posted-by\"><a href=\"https:\/\/decadmdev.uprrp.edu\/recursoshumanos\/author\/wilmarie\/\" title=\"Posts by wilmarie\" rel=\"author\">wilmarie<\/a><\/span><\/div><\/div><\/div><\/div>\n        <\/div>\n    <\/article><article class=\"eael-grid-post  eael-post-grid-column eael-pg-post-2715 category-convocatorias-empleo\" data-id=\"2715\">\n        <div class=\"eael-grid-post-holder\">\n            <div class=\"eael-grid-post-holder-inner\"><div class=\"eael-entry-wrapper\"><header class=\"eael-entry-header\"><h1 class=\"eael-entry-title\"><a class=\"eael-grid-post-link\" href=\"https:\/\/decadmdev.uprrp.edu\/recursoshumanos\/2024\/07\/19\/convocatoria-tecnico-de-tecnologias-de-informacion\/\" title=\"Convocatoria &#8211; T\u00e9cnico de Tecnolog\u00edas de Informaci\u00f3n\"target=\"_blank\">Convocatoria &#8211; T\u00e9cnico de Tecnolog\u00edas de Informaci\u00f3n<\/a><\/h1><\/header><div class=\"eael-entry-content\">\n                        <div class=\"eael-grid-post-excerpt\"><a href=\"https:\/\/decadmdev.uprrp.edu\/recursoshumanos\/2024\/07\/19\/convocatoria-tecnico-de-tecnologias-de-informacion\/\" class=\"eael-post-elements-readmore-btn\">Leer m\u00e1s [+]<\/a><\/div>\n                    <\/div><div class=\"eael-entry-footer\"><div class=\"eael-author-avatar\"><a href=\"https:\/\/decadmdev.uprrp.edu\/recursoshumanos\/author\/wilmarie\/\"><\/a><\/div><div class=\"eael-entry-meta\"><span class=\"eael-posted-by\"><a href=\"https:\/\/decadmdev.uprrp.edu\/recursoshumanos\/author\/wilmarie\/\" title=\"Posts by wilmarie\" rel=\"author\">wilmarie<\/a><\/span><\/div><\/div><\/div><\/div>\n        <\/div>\n    <\/article><article class=\"eael-grid-post  eael-post-grid-column eael-pg-post-2713 category-convocatorias-empleo\" data-id=\"2713\">\n        <div class=\"eael-grid-post-holder\">\n            <div class=\"eael-grid-post-holder-inner\"><div class=\"eael-entry-wrapper\"><header class=\"eael-entry-header\"><h1 class=\"eael-entry-title\"><a class=\"eael-grid-post-link\" href=\"https:\/\/decadmdev.uprrp.edu\/recursoshumanos\/2024\/07\/19\/convocatoria-trabajador-de-mantenimiento-i\/\" title=\"Convocatoria &#8211; Trabajador de Mantenimiento I\"target=\"_blank\">Convocatoria &#8211; Trabajador de Mantenimiento I<\/a><\/h1><\/header><div class=\"eael-entry-content\">\n                        <div class=\"eael-grid-post-excerpt\"><a href=\"https:\/\/decadmdev.uprrp.edu\/recursoshumanos\/2024\/07\/19\/convocatoria-trabajador-de-mantenimiento-i\/\" class=\"eael-post-elements-readmore-btn\">Leer m\u00e1s [+]<\/a><\/div>\n                    <\/div><div class=\"eael-entry-footer\"><div class=\"eael-author-avatar\"><a href=\"https:\/\/decadmdev.uprrp.edu\/recursoshumanos\/author\/wilmarie\/\"><\/a><\/div><div class=\"eael-entry-meta\"><span class=\"eael-posted-by\"><a href=\"https:\/\/decadmdev.uprrp.edu\/recursoshumanos\/author\/wilmarie\/\" title=\"Posts by wilmarie\" rel=\"author\">wilmarie<\/a><\/span><\/div><\/div><\/div><\/div>\n        <\/div>\n    <\/article><article class=\"eael-grid-post  eael-post-grid-column eael-pg-post-2705 category-convocatorias-empleo\" data-id=\"2705\">\n        <div class=\"eael-grid-post-holder\">\n            <div class=\"eael-grid-post-holder-inner\"><div class=\"eael-entry-wrapper\"><header class=\"eael-entry-header\"><h1 class=\"eael-entry-title\"><a class=\"eael-grid-post-link\" href=\"https:\/\/decadmdev.uprrp.edu\/recursoshumanos\/2024\/07\/18\/convocatoria-asistente-de-administracion-iv-facultad-de-administracion-de-empresas\/\" title=\"Convocatoria &#8211; Asistente de Administraci\u00f3n IV (Facultad de Administraci\u00f3n de Empresas)\"target=\"_blank\">Convocatoria &#8211; Asistente de Administraci\u00f3n IV (Facultad de Administraci\u00f3n de Empresas)<\/a><\/h1><\/header><div class=\"eael-entry-content\">\n                        <div class=\"eael-grid-post-excerpt\"><a href=\"https:\/\/decadmdev.uprrp.edu\/recursoshumanos\/2024\/07\/18\/convocatoria-asistente-de-administracion-iv-facultad-de-administracion-de-empresas\/\" class=\"eael-post-elements-readmore-btn\">Leer m\u00e1s [+]<\/a><\/div>\n                    <\/div><div class=\"eael-entry-footer\"><div class=\"eael-author-avatar\"><a href=\"https:\/\/decadmdev.uprrp.edu\/recursoshumanos\/author\/wilmarie\/\"><\/a><\/div><div class=\"eael-entry-meta\"><span class=\"eael-posted-by\"><a href=\"https:\/\/decadmdev.uprrp.edu\/recursoshumanos\/author\/wilmarie\/\" title=\"Posts by wilmarie\" rel=\"author\">wilmarie<\/a><\/span><\/div><\/div><\/div><\/div>\n        <\/div>\n    <\/article><article class=\"eael-grid-post  eael-post-grid-column eael-pg-post-2703 category-convocatorias-empleo\" data-id=\"2703\">\n        <div class=\"eael-grid-post-holder\">\n            <div class=\"eael-grid-post-holder-inner\"><div class=\"eael-entry-wrapper\"><header class=\"eael-entry-header\"><h1 class=\"eael-entry-title\"><a class=\"eael-grid-post-link\" href=\"https:\/\/decadmdev.uprrp.edu\/recursoshumanos\/2024\/07\/18\/convocatoria-asistente-de-administracion-iv-oficina-del-registrador\/\" title=\"Convocatoria &#8211; Asistente de Administraci\u00f3n IV (Oficina del Registrador)\"target=\"_blank\">Convocatoria &#8211; Asistente de Administraci\u00f3n IV (Oficina del Registrador)<\/a><\/h1><\/header><div class=\"eael-entry-content\">\n                        <div class=\"eael-grid-post-excerpt\"><a href=\"https:\/\/decadmdev.uprrp.edu\/recursoshumanos\/2024\/07\/18\/convocatoria-asistente-de-administracion-iv-oficina-del-registrador\/\" class=\"eael-post-elements-readmore-btn\">Leer m\u00e1s [+]<\/a><\/div>\n                    <\/div><div class=\"eael-entry-footer\"><div class=\"eael-author-avatar\"><a href=\"https:\/\/decadmdev.uprrp.edu\/recursoshumanos\/author\/wilmarie\/\"><\/a><\/div><div class=\"eael-entry-meta\"><span class=\"eael-posted-by\"><a href=\"https:\/\/decadmdev.uprrp.edu\/recursoshumanos\/author\/wilmarie\/\" title=\"Posts by wilmarie\" rel=\"author\">wilmarie<\/a><\/span><\/div><\/div><\/div><\/div>\n        <\/div>\n    <\/article><article class=\"eael-grid-post  eael-post-grid-column eael-pg-post-2700 category-convocatorias-empleo\" data-id=\"2700\">\n        <div class=\"eael-grid-post-holder\">\n            <div class=\"eael-grid-post-holder-inner\"><div class=\"eael-entry-wrapper\"><header class=\"eael-entry-header\"><h1 class=\"eael-entry-title\"><a class=\"eael-grid-post-link\" href=\"https:\/\/decadmdev.uprrp.edu\/recursoshumanos\/2024\/07\/18\/convocatoria-contador-a-i\/\" title=\"Convocatoria &#8211; Contador (a) I\"target=\"_blank\">Convocatoria &#8211; Contador (a) I<\/a><\/h1><\/header><div class=\"eael-entry-content\">\n                        <div class=\"eael-grid-post-excerpt\"><a href=\"https:\/\/decadmdev.uprrp.edu\/recursoshumanos\/2024\/07\/18\/convocatoria-contador-a-i\/\" class=\"eael-post-elements-readmore-btn\">Leer m\u00e1s [+]<\/a><\/div>\n                    <\/div><div class=\"eael-entry-footer\"><div class=\"eael-author-avatar\"><a href=\"https:\/\/decadmdev.uprrp.edu\/recursoshumanos\/author\/wilmarie\/\"><\/a><\/div><div class=\"eael-entry-meta\"><span class=\"eael-posted-by\"><a href=\"https:\/\/decadmdev.uprrp.edu\/recursoshumanos\/author\/wilmarie\/\" title=\"Posts by wilmarie\" rel=\"author\">wilmarie<\/a><\/span><\/div><\/div><\/div><\/div>\n        <\/div>\n    <\/article><article class=\"eael-grid-post  eael-post-grid-column eael-pg-post-2698 category-convocatorias-empleo\" data-id=\"2698\">\n        <div class=\"eael-grid-post-holder\">\n            <div class=\"eael-grid-post-holder-inner\"><div class=\"eael-entry-wrapper\"><header class=\"eael-entry-header\"><h1 class=\"eael-entry-title\"><a class=\"eael-grid-post-link\" href=\"https:\/\/decadmdev.uprrp.edu\/recursoshumanos\/2024\/07\/18\/convocatoria-secretariao-ejecutivao\/\" title=\"Convocatoria &#8211; Secretaria(o) Ejecutiva(o)\"target=\"_blank\">Convocatoria &#8211; Secretaria(o) Ejecutiva(o)<\/a><\/h1><\/header><div class=\"eael-entry-content\">\n                        <div class=\"eael-grid-post-excerpt\"><a href=\"https:\/\/decadmdev.uprrp.edu\/recursoshumanos\/2024\/07\/18\/convocatoria-secretariao-ejecutivao\/\" class=\"eael-post-elements-readmore-btn\">Leer m\u00e1s [+]<\/a><\/div>\n                    <\/div><div class=\"eael-entry-footer\"><div class=\"eael-author-avatar\"><a href=\"https:\/\/decadmdev.uprrp.edu\/recursoshumanos\/author\/wilmarie\/\"><\/a><\/div><div class=\"eael-entry-meta\"><span class=\"eael-posted-by\"><a href=\"https:\/\/decadmdev.uprrp.edu\/recursoshumanos\/author\/wilmarie\/\" title=\"Posts by wilmarie\" rel=\"author\">wilmarie<\/a><\/span><\/div><\/div><\/div><\/div>\n        <\/div>\n    <\/article><article class=\"eael-grid-post  eael-post-grid-column eael-pg-post-2696 category-convocatorias-empleo\" data-id=\"2696\">\n        <div class=\"eael-grid-post-holder\">\n            <div class=\"eael-grid-post-holder-inner\"><div class=\"eael-entry-wrapper\"><header class=\"eael-entry-header\"><h1 class=\"eael-entry-title\"><a class=\"eael-grid-post-link\" href=\"https:\/\/decadmdev.uprrp.edu\/recursoshumanos\/2024\/07\/18\/convocatoria-oficial-de-orientacion\/\" title=\"Convocatoria &#8211; Oficial de Orientaci\u00f3n\"target=\"_blank\">Convocatoria &#8211; Oficial de Orientaci\u00f3n<\/a><\/h1><\/header><div class=\"eael-entry-content\">\n                        <div class=\"eael-grid-post-excerpt\"><a href=\"https:\/\/decadmdev.uprrp.edu\/recursoshumanos\/2024\/07\/18\/convocatoria-oficial-de-orientacion\/\" class=\"eael-post-elements-readmore-btn\">Leer m\u00e1s [+]<\/a><\/div>\n                    <\/div><div class=\"eael-entry-footer\"><div class=\"eael-author-avatar\"><a href=\"https:\/\/decadmdev.uprrp.edu\/recursoshumanos\/author\/wilmarie\/\"><\/a><\/div><div class=\"eael-entry-meta\"><span class=\"eael-posted-by\"><a href=\"https:\/\/decadmdev.uprrp.edu\/recursoshumanos\/author\/wilmarie\/\" title=\"Posts by wilmarie\" rel=\"author\">wilmarie<\/a><\/span><\/div><\/div><\/div><\/div>\n        <\/div>\n    <\/article><article class=\"eael-grid-post  eael-post-grid-column eael-pg-post-2479 category-avisos-de-empleo-empleo tags-aviso-de-empleo-reapertura-agente-comprador\" data-id=\"2479\">\n        <div class=\"eael-grid-post-holder\">\n            <div class=\"eael-grid-post-holder-inner\"><div class=\"eael-entry-wrapper\"><header class=\"eael-entry-header\"><h1 class=\"eael-entry-title\"><a class=\"eael-grid-post-link\" href=\"https:\/\/decadmdev.uprrp.edu\/recursoshumanos\/2024\/03\/14\/aviso-de-empleo-reapertura-agente-comprador\/\" title=\"Aviso de empleo &#8211; (Reapertura) Agente Comprador\"target=\"_blank\">Aviso de empleo &#8211; (Reapertura) Agente Comprador<\/a><\/h1><\/header><div class=\"eael-entry-content\">\n                        <div class=\"eael-grid-post-excerpt\"><a href=\"https:\/\/decadmdev.uprrp.edu\/recursoshumanos\/2024\/03\/14\/aviso-de-empleo-reapertura-agente-comprador\/\" class=\"eael-post-elements-readmore-btn\">Leer m\u00e1s [+]<\/a><\/div>\n                    <\/div><div class=\"eael-entry-footer\"><div class=\"eael-author-avatar\"><a href=\"https:\/\/decadmdev.uprrp.edu\/recursoshumanos\/author\/juan\/\"><\/a><\/div><div class=\"eael-entry-meta\"><span class=\"eael-posted-by\"><a href=\"https:\/\/decadmdev.uprrp.edu\/recursoshumanos\/author\/juan\/\" title=\"Posts by juan\" rel=\"author\">juan<\/a><\/span><\/div><\/div><\/div><\/div>\n        <\/div>\n    <\/article><article class=\"eael-grid-post  eael-post-grid-column eael-pg-post-2467 category-avisos-de-empleo-empleo tags-aviso-de-empleo-reapertura-contadora-i\" data-id=\"2467\">\n        <div class=\"eael-grid-post-holder\">\n            <div class=\"eael-grid-post-holder-inner\"><div class=\"eael-entry-wrapper\"><header class=\"eael-entry-header\"><h1 class=\"eael-entry-title\"><a class=\"eael-grid-post-link\" href=\"https:\/\/decadmdev.uprrp.edu\/recursoshumanos\/2024\/03\/14\/aviso-de-empleo-reapertura-contadora-i\/\" title=\"Aviso de empleo &#8211; (Reapertura) Contador(a) I\"target=\"_blank\">Aviso de empleo &#8211; (Reapertura) Contador(a) I<\/a><\/h1><\/header><div class=\"eael-entry-content\">\n                        <div class=\"eael-grid-post-excerpt\"><a href=\"https:\/\/decadmdev.uprrp.edu\/recursoshumanos\/2024\/03\/14\/aviso-de-empleo-reapertura-contadora-i\/\" class=\"eael-post-elements-readmore-btn\">Leer m\u00e1s [+]<\/a><\/div>\n                    <\/div><div class=\"eael-entry-footer\"><div class=\"eael-author-avatar\"><a href=\"https:\/\/decadmdev.uprrp.edu\/recursoshumanos\/author\/juan\/\"><\/a><\/div><div class=\"eael-entry-meta\"><span class=\"eael-posted-by\"><a href=\"https:\/\/decadmdev.uprrp.edu\/recursoshumanos\/author\/juan\/\" title=\"Posts by juan\" rel=\"author\">juan<\/a><\/span><\/div><\/div><\/div><\/div>\n        <\/div>\n    <\/article><article class=\"eael-grid-post  eael-post-grid-column eael-pg-post-2476 category-avisos-de-empleo-empleo tags-aviso-de-empleo-reapertura-auxiliar-de-estadisticas-ii\" data-id=\"2476\">\n        <div class=\"eael-grid-post-holder\">\n            <div class=\"eael-grid-post-holder-inner\"><div class=\"eael-entry-wrapper\"><header class=\"eael-entry-header\"><h1 class=\"eael-entry-title\"><a class=\"eael-grid-post-link\" href=\"https:\/\/decadmdev.uprrp.edu\/recursoshumanos\/2024\/03\/14\/aviso-de-empleo-reapertura-auxiliar-de-estadisticas-ii\/\" title=\"Aviso de empleo &#8211; (Reapertura) Auxiliar de Estad\u00edsticas II\"target=\"_blank\">Aviso de empleo &#8211; (Reapertura) Auxiliar de Estad\u00edsticas II<\/a><\/h1><\/header><div class=\"eael-entry-content\">\n                        <div class=\"eael-grid-post-excerpt\"><a href=\"https:\/\/decadmdev.uprrp.edu\/recursoshumanos\/2024\/03\/14\/aviso-de-empleo-reapertura-auxiliar-de-estadisticas-ii\/\" class=\"eael-post-elements-readmore-btn\">Leer m\u00e1s [+]<\/a><\/div>\n                    <\/div><div class=\"eael-entry-footer\"><div class=\"eael-author-avatar\"><a href=\"https:\/\/decadmdev.uprrp.edu\/recursoshumanos\/author\/juan\/\"><\/a><\/div><div class=\"eael-entry-meta\"><span class=\"eael-posted-by\"><a href=\"https:\/\/decadmdev.uprrp.edu\/recursoshumanos\/author\/juan\/\" title=\"Posts by juan\" rel=\"author\">juan<\/a><\/span><\/div><\/div><\/div><\/div>\n        <\/div>\n    <\/article><article class=\"eael-grid-post  eael-post-grid-column eael-pg-post-2431 category-avisos-de-empleo-empleo tags-especialista-en-nutricion-y-dietetica\" data-id=\"2431\">\n        <div class=\"eael-grid-post-holder\">\n            <div class=\"eael-grid-post-holder-inner\"><div class=\"eael-entry-wrapper\"><header class=\"eael-entry-header\"><h1 class=\"eael-entry-title\"><a class=\"eael-grid-post-link\" href=\"https:\/\/decadmdev.uprrp.edu\/recursoshumanos\/2024\/03\/14\/aviso-de-empleo-reapertura-especialista-en-nutricion-y-dietetica\/\" title=\"Aviso de empleo &#8211; (Reapertura) Especialista en Nutrici\u00f3n y Diet\u00e9tica\"target=\"_blank\">Aviso de empleo &#8211; (Reapertura) Especialista en Nutrici\u00f3n y Diet\u00e9tica<\/a><\/h1><\/header><div class=\"eael-entry-content\">\n                        <div class=\"eael-grid-post-excerpt\"><a href=\"https:\/\/decadmdev.uprrp.edu\/recursoshumanos\/2024\/03\/14\/aviso-de-empleo-reapertura-especialista-en-nutricion-y-dietetica\/\" class=\"eael-post-elements-readmore-btn\">Leer m\u00e1s [+]<\/a><\/div>\n                    <\/div><div class=\"eael-entry-footer\"><div class=\"eael-author-avatar\"><a href=\"https:\/\/decadmdev.uprrp.edu\/recursoshumanos\/author\/juan\/\"><\/a><\/div><div class=\"eael-entry-meta\"><span class=\"eael-posted-by\"><a href=\"https:\/\/decadmdev.uprrp.edu\/recursoshumanos\/author\/juan\/\" title=\"Posts by juan\" rel=\"author\">juan<\/a><\/span><\/div><\/div><\/div><\/div>\n        <\/div>\n    <\/article><article class=\"eael-grid-post  eael-post-grid-column eael-pg-post-2473 category-avisos-de-empleo-empleo tags-aviso-de-empleo-reapertura-oficial-de-programas-i\" data-id=\"2473\">\n        <div class=\"eael-grid-post-holder\">\n            <div class=\"eael-grid-post-holder-inner\"><div class=\"eael-entry-wrapper\"><header class=\"eael-entry-header\"><h1 class=\"eael-entry-title\"><a class=\"eael-grid-post-link\" href=\"https:\/\/decadmdev.uprrp.edu\/recursoshumanos\/2024\/03\/14\/aviso-de-empleo-reapertura-oficial-de-programas-i\/\" title=\"Aviso de empleo &#8211; (Reapertura) Oficial de Programas I\"target=\"_blank\">Aviso de empleo &#8211; (Reapertura) Oficial de Programas I<\/a><\/h1><\/header><div class=\"eael-entry-content\">\n                        <div class=\"eael-grid-post-excerpt\"><a href=\"https:\/\/decadmdev.uprrp.edu\/recursoshumanos\/2024\/03\/14\/aviso-de-empleo-reapertura-oficial-de-programas-i\/\" class=\"eael-post-elements-readmore-btn\">Leer m\u00e1s [+]<\/a><\/div>\n                    <\/div><div class=\"eael-entry-footer\"><div class=\"eael-author-avatar\"><a href=\"https:\/\/decadmdev.uprrp.edu\/recursoshumanos\/author\/juan\/\"><\/a><\/div><div class=\"eael-entry-meta\"><span class=\"eael-posted-by\"><a href=\"https:\/\/decadmdev.uprrp.edu\/recursoshumanos\/author\/juan\/\" title=\"Posts by juan\" rel=\"author\">juan<\/a><\/span><\/div><\/div><\/div><\/div>\n        <\/div>\n    <\/article><article class=\"eael-grid-post  eael-post-grid-column eael-pg-post-2470 category-avisos-de-empleo-empleo tags-aviso-de-empleo-reapertura-tecnico-de-laboratorio-i\" data-id=\"2470\">\n        <div class=\"eael-grid-post-holder\">\n            <div class=\"eael-grid-post-holder-inner\"><div class=\"eael-entry-wrapper\"><header class=\"eael-entry-header\"><h1 class=\"eael-entry-title\"><a class=\"eael-grid-post-link\" href=\"https:\/\/decadmdev.uprrp.edu\/recursoshumanos\/2024\/03\/14\/aviso-de-empleo-reapertura-tecnico-de-laboratorio-i\/\" title=\"Aviso de empleo &#8211; (Reapertura) T\u00e9cnico de Laboratorio I\"target=\"_blank\">Aviso de empleo &#8211; (Reapertura) T\u00e9cnico de Laboratorio I<\/a><\/h1><\/header><div class=\"eael-entry-content\">\n                        <div class=\"eael-grid-post-excerpt\"><a href=\"https:\/\/decadmdev.uprrp.edu\/recursoshumanos\/2024\/03\/14\/aviso-de-empleo-reapertura-tecnico-de-laboratorio-i\/\" class=\"eael-post-elements-readmore-btn\">Leer m\u00e1s [+]<\/a><\/div>\n                    <\/div><div class=\"eael-entry-footer\"><div class=\"eael-author-avatar\"><a href=\"https:\/\/decadmdev.uprrp.edu\/recursoshumanos\/author\/juan\/\"><\/a><\/div><div class=\"eael-entry-meta\"><span class=\"eael-posted-by\"><a href=\"https:\/\/decadmdev.uprrp.edu\/recursoshumanos\/author\/juan\/\" title=\"Posts by juan\" rel=\"author\">juan<\/a><\/span><\/div><\/div><\/div><\/div>\n        <\/div>\n    <\/article><article class=\"eael-grid-post  eael-post-grid-column eael-pg-post-2488 category-avisos-de-empleo-empleo tags-aviso-de-empleo-auxiliar-de-investigaciones-i\" data-id=\"2488\">\n        <div class=\"eael-grid-post-holder\">\n            <div class=\"eael-grid-post-holder-inner\"><div class=\"eael-entry-wrapper\"><header class=\"eael-entry-header\"><h1 class=\"eael-entry-title\"><a class=\"eael-grid-post-link\" href=\"https:\/\/decadmdev.uprrp.edu\/recursoshumanos\/2024\/03\/13\/aviso-de-empleo-auxiliar-de-investigaciones-i\/\" title=\"Aviso de empleo &#8211; Auxiliar de Investigaciones I\"target=\"_blank\">Aviso de empleo &#8211; Auxiliar de Investigaciones I<\/a><\/h1><\/header><div class=\"eael-entry-content\">\n                        <div class=\"eael-grid-post-excerpt\"><a href=\"https:\/\/decadmdev.uprrp.edu\/recursoshumanos\/2024\/03\/13\/aviso-de-empleo-auxiliar-de-investigaciones-i\/\" class=\"eael-post-elements-readmore-btn\">Leer m\u00e1s [+]<\/a><\/div>\n                    <\/div><div class=\"eael-entry-footer\"><div class=\"eael-author-avatar\"><a href=\"https:\/\/decadmdev.uprrp.edu\/recursoshumanos\/author\/juan\/\"><\/a><\/div><div class=\"eael-entry-meta\"><span class=\"eael-posted-by\"><a href=\"https:\/\/decadmdev.uprrp.edu\/recursoshumanos\/author\/juan\/\" title=\"Posts by juan\" rel=\"author\">juan<\/a><\/span><\/div><\/div><\/div><\/div>\n        <\/div>\n    <\/article><article class=\"eael-grid-post  eael-post-grid-column eael-pg-post-2485 category-avisos-de-empleo-empleo tags-aviso-de-empleo-asistente-de-administracion-iv\" data-id=\"2485\">\n        <div class=\"eael-grid-post-holder\">\n            <div class=\"eael-grid-post-holder-inner\"><div class=\"eael-entry-wrapper\"><header class=\"eael-entry-header\"><h1 class=\"eael-entry-title\"><a class=\"eael-grid-post-link\" href=\"https:\/\/decadmdev.uprrp.edu\/recursoshumanos\/2024\/03\/13\/aviso-de-empleo-asistente-de-administracion-iv-2\/\" title=\"Aviso de empleo &#8211; Asistente de Administraci\u00f3n IV\"target=\"_blank\">Aviso de empleo &#8211; Asistente de Administraci\u00f3n IV<\/a><\/h1><\/header><div class=\"eael-entry-content\">\n                        <div class=\"eael-grid-post-excerpt\"><a href=\"https:\/\/decadmdev.uprrp.edu\/recursoshumanos\/2024\/03\/13\/aviso-de-empleo-asistente-de-administracion-iv-2\/\" class=\"eael-post-elements-readmore-btn\">Leer m\u00e1s [+]<\/a><\/div>\n                    <\/div><div class=\"eael-entry-footer\"><div class=\"eael-author-avatar\"><a href=\"https:\/\/decadmdev.uprrp.edu\/recursoshumanos\/author\/juan\/\"><\/a><\/div><div class=\"eael-entry-meta\"><span class=\"eael-posted-by\"><a href=\"https:\/\/decadmdev.uprrp.edu\/recursoshumanos\/author\/juan\/\" title=\"Posts by juan\" rel=\"author\">juan<\/a><\/span><\/div><\/div><\/div><\/div>\n        <\/div>\n    <\/article><article class=\"eael-grid-post  eael-post-grid-column eael-pg-post-2411 category-avisos-de-empleo-empleo tags-aviso-de-empleo-secretariao-ejecutiva-ii\" data-id=\"2411\">\n        <div class=\"eael-grid-post-holder\">\n            <div class=\"eael-grid-post-holder-inner\"><div class=\"eael-entry-wrapper\"><header class=\"eael-entry-header\"><h1 class=\"eael-entry-title\"><a class=\"eael-grid-post-link\" href=\"https:\/\/decadmdev.uprrp.edu\/recursoshumanos\/2024\/03\/13\/aviso-de-empleo-secretariao-ejecutivao-ii\/\" title=\"Aviso de empleo &#8211; Secretaria(o) Ejecutiva(o) II\"target=\"_blank\">Aviso de empleo &#8211; Secretaria(o) Ejecutiva(o) II<\/a><\/h1><\/header><div class=\"eael-entry-content\">\n                        <div class=\"eael-grid-post-excerpt\"><a href=\"https:\/\/decadmdev.uprrp.edu\/recursoshumanos\/2024\/03\/13\/aviso-de-empleo-secretariao-ejecutivao-ii\/\" class=\"eael-post-elements-readmore-btn\">Leer m\u00e1s [+]<\/a><\/div>\n                    <\/div><div class=\"eael-entry-footer\"><div class=\"eael-author-avatar\"><a href=\"https:\/\/decadmdev.uprrp.edu\/recursoshumanos\/author\/juan\/\"><\/a><\/div><div class=\"eael-entry-meta\"><span class=\"eael-posted-by\"><a href=\"https:\/\/decadmdev.uprrp.edu\/recursoshumanos\/author\/juan\/\" title=\"Posts by juan\" rel=\"author\">juan<\/a><\/span><\/div><\/div><\/div><\/div>\n        <\/div>\n    <\/article><article class=\"eael-grid-post  eael-post-grid-column eael-pg-post-2352 category-avisos-de-empleo-empleo tags-aviso-de-empleo-oficial-de-anotaciones\" data-id=\"2352\">\n        <div class=\"eael-grid-post-holder\">\n            <div class=\"eael-grid-post-holder-inner\"><div class=\"eael-entry-wrapper\"><header class=\"eael-entry-header\"><h1 class=\"eael-entry-title\"><a class=\"eael-grid-post-link\" href=\"https:\/\/decadmdev.uprrp.edu\/recursoshumanos\/2024\/03\/13\/aviso-de-empleo-oficial-de-anotaciones\/\" title=\"Aviso de empleo &#8211; Oficial de Anotaciones\"target=\"_blank\">Aviso de empleo &#8211; Oficial de Anotaciones<\/a><\/h1><\/header><div class=\"eael-entry-content\">\n                        <div class=\"eael-grid-post-excerpt\"><a href=\"https:\/\/decadmdev.uprrp.edu\/recursoshumanos\/2024\/03\/13\/aviso-de-empleo-oficial-de-anotaciones\/\" class=\"eael-post-elements-readmore-btn\">Leer m\u00e1s [+]<\/a><\/div>\n                    <\/div><div class=\"eael-entry-footer\"><div class=\"eael-author-avatar\"><a href=\"https:\/\/decadmdev.uprrp.edu\/recursoshumanos\/author\/juan\/\"><\/a><\/div><div class=\"eael-entry-meta\"><span class=\"eael-posted-by\"><a href=\"https:\/\/decadmdev.uprrp.edu\/recursoshumanos\/author\/juan\/\" title=\"Posts by juan\" rel=\"author\">juan<\/a><\/span><\/div><\/div><\/div><\/div>\n        <\/div>\n    <\/article><article class=\"eael-grid-post  eael-post-grid-column eael-pg-post-2416 category-avisos-de-empleo-empleo tags-aviso-de-empleo-asistente-de-administracion-iv\" data-id=\"2416\">\n        <div class=\"eael-grid-post-holder\">\n            <div class=\"eael-grid-post-holder-inner\"><div class=\"eael-entry-wrapper\"><header class=\"eael-entry-header\"><h1 class=\"eael-entry-title\"><a class=\"eael-grid-post-link\" href=\"https:\/\/decadmdev.uprrp.edu\/recursoshumanos\/2024\/03\/13\/aviso-de-empleo-asistente-de-administracion-iv\/\" title=\"Aviso de empleo &#8211; Asistente de Administraci\u00f3n IV\"target=\"_blank\">Aviso de empleo &#8211; Asistente de Administraci\u00f3n IV<\/a><\/h1><\/header><div class=\"eael-entry-content\">\n                        <div class=\"eael-grid-post-excerpt\"><a href=\"https:\/\/decadmdev.uprrp.edu\/recursoshumanos\/2024\/03\/13\/aviso-de-empleo-asistente-de-administracion-iv\/\" class=\"eael-post-elements-readmore-btn\">Leer m\u00e1s [+]<\/a><\/div>\n                    <\/div><div class=\"eael-entry-footer\"><div class=\"eael-author-avatar\"><a href=\"https:\/\/decadmdev.uprrp.edu\/recursoshumanos\/author\/juan\/\"><\/a><\/div><div class=\"eael-entry-meta\"><span class=\"eael-posted-by\"><a href=\"https:\/\/decadmdev.uprrp.edu\/recursoshumanos\/author\/juan\/\" title=\"Posts by juan\" rel=\"author\">juan<\/a><\/span><\/div><\/div><\/div><\/div>\n        <\/div>\n    <\/article><article class=\"eael-grid-post  eael-post-grid-column eael-pg-post-1684 category-avisos-de-empleo-empleo tags-aviso-de-empleo-recaudadora\" data-id=\"1684\">\n        <div class=\"eael-grid-post-holder\">\n            <div class=\"eael-grid-post-holder-inner\"><div class=\"eael-entry-wrapper\"><header class=\"eael-entry-header\"><h1 class=\"eael-entry-title\"><a class=\"eael-grid-post-link\" href=\"https:\/\/decadmdev.uprrp.edu\/recursoshumanos\/2024\/01\/25\/aviso-de-empleo-reapertura-recaudadora\/\" title=\"Aviso de empleo (Reapertura) &#8211; Recaudador(a)\"target=\"_blank\">Aviso de empleo (Reapertura) &#8211; Recaudador(a)<\/a><\/h1><\/header><div class=\"eael-entry-content\">\n                        <div class=\"eael-grid-post-excerpt\"><a href=\"https:\/\/decadmdev.uprrp.edu\/recursoshumanos\/2024\/01\/25\/aviso-de-empleo-reapertura-recaudadora\/\" class=\"eael-post-elements-readmore-btn\">Leer m\u00e1s [+]<\/a><\/div>\n                    <\/div><div class=\"eael-entry-footer\"><div class=\"eael-author-avatar\"><a href=\"https:\/\/decadmdev.uprrp.edu\/recursoshumanos\/author\/juan\/\"><\/a><\/div><div class=\"eael-entry-meta\"><span class=\"eael-posted-by\"><a href=\"https:\/\/decadmdev.uprrp.edu\/recursoshumanos\/author\/juan\/\" title=\"Posts by juan\" rel=\"author\">juan<\/a><\/span><\/div><\/div><\/div><\/div>\n        <\/div>\n    <\/article><article class=\"eael-grid-post  eael-post-grid-column eael-pg-post-1707 category-convocatorias-empleo tags-convocatorias-de-empleo-asistente-de-administracion-iv\" data-id=\"1707\">\n        <div class=\"eael-grid-post-holder\">\n            <div class=\"eael-grid-post-holder-inner\"><div class=\"eael-entry-wrapper\"><header class=\"eael-entry-header\"><h1 class=\"eael-entry-title\"><a class=\"eael-grid-post-link\" href=\"https:\/\/decadmdev.uprrp.edu\/recursoshumanos\/2023\/12\/20\/1707\/\" title=\"Convocatoria &#8211; Asistente de Administraci\u00f3n IV\"target=\"_blank\">Convocatoria &#8211; Asistente de Administraci\u00f3n IV<\/a><\/h1><\/header><div class=\"eael-entry-content\">\n                        <div class=\"eael-grid-post-excerpt\"><a href=\"https:\/\/decadmdev.uprrp.edu\/recursoshumanos\/2023\/12\/20\/1707\/\" class=\"eael-post-elements-readmore-btn\">Leer m\u00e1s [+]<\/a><\/div>\n                    <\/div><div class=\"eael-entry-footer\"><div class=\"eael-author-avatar\"><a href=\"https:\/\/decadmdev.uprrp.edu\/recursoshumanos\/author\/juan\/\"><\/a><\/div><div class=\"eael-entry-meta\"><span class=\"eael-posted-by\"><a href=\"https:\/\/decadmdev.uprrp.edu\/recursoshumanos\/author\/juan\/\" title=\"Posts by juan\" rel=\"author\">juan<\/a><\/span><\/div><\/div><\/div><\/div>\n        <\/div>\n    <\/article><\/div>\n            <div class=\"clearfix\"><\/div>\n        <\/div>\t\t\t\t<\/div>\n\t\t\t\t<\/div>\n\t\t\t\t<\/div>\n\t\t<div class=\"elementor-element elementor-element-7dd1180 e-con-full e-flex e-con e-child\" data-id=\"7dd1180\" data-element_type=\"container\" data-e-type=\"container\">\n\t\t\t\t<div class=\"elementor-element elementor-element-34ad492 eael-simple-menu-hamburger-align-left e-transform eael-hamburger--tablet elementor-widget elementor-widget-eael-simple-menu\" data-id=\"34ad492\" data-element_type=\"widget\" data-e-type=\"widget\" data-settings=\"{&quot;_transform_scale_effect_hover&quot;:{&quot;unit&quot;:&quot;px&quot;,&quot;size&quot;:&quot;&quot;,&quot;sizes&quot;:[]},&quot;_transform_scale_effect_hover_tablet&quot;:{&quot;unit&quot;:&quot;px&quot;,&quot;size&quot;:&quot;&quot;,&quot;sizes&quot;:[]},&quot;_transform_scale_effect_hover_mobile&quot;:{&quot;unit&quot;:&quot;px&quot;,&quot;size&quot;:&quot;&quot;,&quot;sizes&quot;:[]}}\" data-widget_type=\"eael-simple-menu.default\">\n\t\t\t\t<div class=\"elementor-widget-container\">\n\t\t\t\t\t<style>\n                        @media screen and (max-width: 1024px) {\n                            .eael-hamburger--tablet {\n                                .eael-simple-menu-horizontal,\n                                .eael-simple-menu-vertical {\n                                    display: none;\n                                }\n                            }\n                            .eael-hamburger--tablet {\n                                .eael-simple-menu-container .eael-simple-menu-toggle {\n                                    display: block;\n                                }\n                            }\n                        }\n                    <\/style>            <div data-hamburger-icon=\"&lt;svg aria-hidden=&quot;true&quot; class=&quot;e-font-icon-svg e-fas-bars&quot; viewBox=&quot;0 0 448 512&quot; xmlns=&quot;http:\/\/www.w3.org\/2000\/svg&quot;&gt;&lt;path d=&quot;M16 132h416c8.837 0 16-7.163 16-16V76c0-8.837-7.163-16-16-16H16C7.163 60 0 67.163 0 76v40c0 8.837 7.163 16 16 16zm0 160h416c8.837 0 16-7.163 16-16v-40c0-8.837-7.163-16-16-16H16c-8.837 0-16 7.163-16 16v40c0 8.837 7.163 16 16 16zm0 160h416c8.837 0 16-7.163 16-16v-40c0-8.837-7.163-16-16-16H16c-8.837 0-16 7.163-16 16v40c0 8.837 7.163 16 16 16z&quot;&gt;&lt;\/path&gt;&lt;\/svg&gt;\" data-indicator-icon=\"&lt;svg aria-hidden=&quot;true&quot; class=&quot;e-font-icon-svg e-fas-angle-down&quot; viewBox=&quot;0 0 320 512&quot; xmlns=&quot;http:\/\/www.w3.org\/2000\/svg&quot;&gt;&lt;path d=&quot;M143 352.3L7 216.3c-9.4-9.4-9.4-24.6 0-33.9l22.6-22.6c9.4-9.4 24.6-9.4 33.9 0l96.4 96.4 96.4-96.4c9.4-9.4 24.6-9.4 33.9 0l22.6 22.6c9.4 9.4 9.4 24.6 0 33.9l-136 136c-9.2 9.4-24.4 9.4-33.8 0z&quot;&gt;&lt;\/path&gt;&lt;\/svg&gt;\" data-dropdown-indicator-icon=\"&lt;svg class=&quot;e-font-icon-svg e-fas-angle-down&quot; viewBox=&quot;0 0 320 512&quot; xmlns=&quot;http:\/\/www.w3.org\/2000\/svg&quot;&gt;&lt;path d=&quot;M143 352.3L7 216.3c-9.4-9.4-9.4-24.6 0-33.9l22.6-22.6c9.4-9.4 24.6-9.4 33.9 0l96.4 96.4 96.4-96.4c9.4-9.4 24.6-9.4 33.9 0l22.6 22.6c9.4 9.4 9.4 24.6 0 33.9l-136 136c-9.2 9.4-24.4 9.4-33.8 0z&quot;&gt;&lt;\/path&gt;&lt;\/svg&gt;\" class=\"eael-simple-menu-container eael-simple-menu-align-left eael-simple-menu-dropdown-align-left preset-1\" data-hamburger-breakpoints=\"{&quot;mobile&quot;:&quot;M\\u00f3vil vertical (&gt; 767px)&quot;,&quot;tablet&quot;:&quot;Tableta vertical (&gt; 1024px)&quot;,&quot;desktop&quot;:&quot;Desktop (&gt; 2400px)&quot;,&quot;none&quot;:&quot;None&quot;}\" data-hamburger-device=\"tablet\">\n                <ul id=\"menu-main\" class=\"eael-simple-menu eael-simple-menu-dropdown-animate-to-top eael-simple-menu-indicator eael-simple-menu-vertical\"><li id=\"menu-item-1082\" class=\"menu-item menu-item-type-post_type menu-item-object-page menu-item-home menu-item-1082\"><a href=\"https:\/\/decadmdev.uprrp.edu\/recursoshumanos\/\">Inicio<\/a><\/li>\n<li id=\"menu-item-2221\" class=\"menu-item menu-item-type-post_type menu-item-object-page menu-item-2221\"><a href=\"https:\/\/decadmdev.uprrp.edu\/recursoshumanos\/estructura-de-la-oficina\/\">Estructura de la Oficina<\/a><\/li>\n<li id=\"menu-item-2636\" class=\"menu-item menu-item-type-post_type menu-item-object-page menu-item-2636\"><a href=\"https:\/\/decadmdev.uprrp.edu\/recursoshumanos\/empleos\/\">Avisos y Convocatorias<\/a><\/li>\n<li id=\"menu-item-1925\" class=\"menu-item menu-item-type-post_type menu-item-object-page menu-item-1925\"><a href=\"https:\/\/decadmdev.uprrp.edu\/recursoshumanos\/politicas-institucionales\/\">Pol\u00edticas Institucionales<\/a><\/li>\n<li id=\"menu-item-1389\" class=\"menu-item menu-item-type-post_type menu-item-object-page menu-item-1389\"><a href=\"https:\/\/decadmdev.uprrp.edu\/recursoshumanos\/formularios\/\">Formularios<\/a><\/li>\n<li id=\"menu-item-2572\" class=\"menu-item menu-item-type-post_type menu-item-object-page menu-item-2572\"><a href=\"https:\/\/decadmdev.uprrp.edu\/recursoshumanos\/boletines\/\">Boletines<\/a><\/li>\n<li id=\"menu-item-2191\" class=\"menu-item menu-item-type-post_type menu-item-object-page menu-item-2191\"><a href=\"https:\/\/decadmdev.uprrp.edu\/recursoshumanos\/directorio\/\">Directorio<\/a><\/li>\n<\/ul>                <button class=\"eael-simple-menu-toggle\">\n                    <span class=\"sr-only \">Hamburger Toggle Menu<\/span>\n                    <svg aria-hidden=\"true\" class=\"e-font-icon-svg e-fas-bars\" viewBox=\"0 0 448 512\" xmlns=\"http:\/\/www.w3.org\/2000\/svg\"><path d=\"M16 132h416c8.837 0 16-7.163 16-16V76c0-8.837-7.163-16-16-16H16C7.163 60 0 67.163 0 76v40c0 8.837 7.163 16 16 16zm0 160h416c8.837 0 16-7.163 16-16v-40c0-8.837-7.163-16-16-16H16c-8.837 0-16 7.163-16 16v40c0 8.837 7.163 16 16 16zm0 160h416c8.837 0 16-7.163 16-16v-40c0-8.837-7.163-16-16-16H16c-8.837 0-16 7.163-16 16v40c0 8.837 7.163 16 16 16z\"><\/path><\/svg>                <\/button>\n            <\/div>\n            \t\t\t\t<\/div>\n\t\t\t\t<\/div>\n\t\t\t\t<\/div>\n\t\t\t\t\t<\/div>\n\t\t\t\t<\/div>\n\t\t<div class=\"elementor-element elementor-element-b35e8b9 e-flex e-con-boxed e-con e-parent\" data-id=\"b35e8b9\" data-element_type=\"container\" data-e-type=\"container\">\n\t\t\t\t\t<div class=\"e-con-inner\">\n\t\t\t\t\t<\/div>\n\t\t\t\t<\/div>\n\t\t\t\t<\/div>\n\t\t","protected":false},"excerpt":{"rendered":"<p>AVISOS Y CONVOCATORIAS DE EMPLEO Avisos y Convocatorias de Empleo Aviso de empleo &#8211; (Reapertura) Agente Comprador Leer m\u00e1s [+] Aviso de empleo &#8211; (Reapertura) Contador(a) I Leer m\u00e1s [+] [&hellip;]<\/p>\n","protected":false},"author":2,"featured_media":0,"parent":0,"menu_order":0,"comment_status":"closed","ping_status":"open","template":"page-templates\/pagebuilder.php","meta":{"_themeisle_gutenberg_block_has_review":false,"footnotes":""},"class_list":["post-2624","page","type-page","status-publish","hentry"],"rttpg_featured_image_url":null,"rttpg_author":{"display_name":"wilmarie","author_link":"https:\/\/decadmdev.uprrp.edu\/recursoshumanos\/author\/wilmarie\/"},"rttpg_comment":0,"rttpg_category":"","rttpg_excerpt":"AVISOS Y CONVOCATORIAS DE EMPLEO Avisos y Convocatorias de Empleo Aviso de empleo &#8211; (Reapertura) Agente Comprador Leer m\u00e1s [+] Aviso de empleo &#8211; (Reapertura) Contador(a) I Leer m\u00e1s [+] [&hellip;]","_links":{"self":[{"href":"https:\/\/decadmdev.uprrp.edu\/recursoshumanos\/wp-json\/wp\/v2\/pages\/2624","targetHints":{"allow":["GET"]}}],"collection":[{"href":"https:\/\/decadmdev.uprrp.edu\/recursoshumanos\/wp-json\/wp\/v2\/pages"}],"about":[{"href":"https:\/\/decadmdev.uprrp.edu\/recursoshumanos\/wp-json\/wp\/v2\/types\/page"}],"author":[{"embeddable":true,"href":"https:\/\/decadmdev.uprrp.edu\/recursoshumanos\/wp-json\/wp\/v2\/users\/2"}],"replies":[{"embeddable":true,"href":"https:\/\/decadmdev.uprrp.edu\/recursoshumanos\/wp-json\/wp\/v2\/comments?post=2624"}],"version-history":[{"count":7,"href":"https:\/\/decadmdev.uprrp.edu\/recursoshumanos\/wp-json\/wp\/v2\/pages\/2624\/revisions"}],"predecessor-version":[{"id":2635,"href":"https:\/\/decadmdev.uprrp.edu\/recursoshumanos\/wp-json\/wp\/v2\/pages\/2624\/revisions\/2635"}],"wp:attachment":[{"href":"https:\/\/decadmdev.uprrp.edu\/recursoshumanos\/wp-json\/wp\/v2\/media?parent=2624"}],"curies":[{"name":"wp","href":"https:\/\/api.w.org\/{rel}","templated":true}]}}